{"id":5727,"date":"2025-05-05T12:00:11","date_gmt":"2025-05-05T10:00:11","guid":{"rendered":"https:\/\/www.segurosaegon.com\/canalmediadores\/?page_id=5727"},"modified":"2025-10-15T17:46:02","modified_gmt":"2025-10-15T15:46:02","slug":"nuestros-expertos","status":"publish","type":"page","link":"https:\/\/www.segurosaegon.com\/canalmediadores\/nuestros-expertos\/","title":{"rendered":"Nuestros expertos"},"content":{"rendered":"\n<h2 class=\"wp-block-heading has-custom-warm-black-color has-text-color has-link-color has-forever-forma-body-text-font-family wp-elements-5da35ac42373c840fbc5d9fb74346fdd\" style=\"font-size:clamp(14.642px, 0.915rem + ((1vw - 3.2px) * 0.836), 22px);\">Un gran equipo de profesionales con una dilatada experiencia en el sector asegurador y en el canal de la mediaci\u00f3n<\/h2>\n\n\n\n<p class=\"has-custom-warm-black-color has-text-color has-link-color has-forever-forma-body-text-font-family wp-elements-31babadc3654ca9e4cc495250a24d9e7\" style=\"font-size:clamp(14px, 0.875rem + ((1vw - 3.2px) * 0.341), 17px);line-height:1.3\">Te ayudamos a elaborar tu plan de negocio, dise\u00f1ar un plan de acci\u00f3n, y te podemos acompa\u00f1arte y formarte para su puesta en funcionamiento.<\/p>\n\n\n\n<p class=\"has-custom-warm-black-color has-text-color has-link-color has-forever-forma-body-text-font-family wp-elements-4d268672d9cd034aa71c778cea09f01b\" style=\"font-size:clamp(14px, 0.875rem + ((1vw - 3.2px) * 0.341), 17px);line-height:1.3\">De la mano de nuestros directores de zona y sus equipos, ponemos a tu disposici\u00f3n un amplio portfolio de seguros de salud y vida, campa\u00f1as personalizadas y un acompa\u00f1amiento comercial para que juntos sigamos creciendo juntos y satisfaciendo a nuestros clientes.<\/p>\n\n\n\n<div style=\"height:20px\" aria-hidden=\"true\" class=\"wp-block-spacer\"><\/div>\n\n\n\n<div class=\"wp-block-group has-global-padding is-layout-constrained wp-container-core-group-is-layout-12243e0f wp-block-group-is-layout-constrained\">\n<div class=\"wp-block-columns is-layout-flex wp-container-core-columns-is-layout-14cf5ab5 wp-block-columns-is-layout-flex\">\n<div class=\"wp-block-column has-global-padding is-layout-constrained wp-container-core-column-is-layout-12243e0f wp-block-column-is-layout-constrained\" style=\"flex-basis:50%\">\n<figure class=\"wp-block-image aligncenter size-full is-resized wp-elements-5f74522d1bec36f17f565a0a2be14a8a\" style=\"margin-top:0px;margin-bottom:0px;padding-top:0px;padding-bottom:0px;font-size:clamp(14px, 0.875rem + ((1vw - 3.2px) * 0.455), 18px);font-style:normal;font-weight:600\"><img loading=\"lazy\" decoding=\"async\" width=\"216\" height=\"232\" src=\"https:\/\/web-dev-landings.rtxtaegn.com\/canalmediadoresnew\/wp-content\/uploads\/sites\/70\/2024\/07\/pedroZabaleta.png\" alt=\"\" class=\"wp-image-5557\" style=\"width:200px\"\/><\/figure>\n\n\n\n<p class=\"has-text-align-center has-custom-warm-black-color has-text-color has-forever-forma-body-text-font-family\" style=\"padding-bottom:5px;line-height:1.2\"><strong><strong>Pedro Zabaleta<\/strong><\/strong><\/p>\n\n\n\n<p class=\"has-text-align-center has-custom-warm-black-color has-text-color has-link-color has-forever-forma-body-text-font-family wp-elements-7cd51fe2255426044981c91f2b504348\" style=\"margin-top:0px;margin-bottom:0px;padding-top:0px;padding-bottom:0px;font-size:clamp(14px, 0.875rem + ((1vw - 3.2px) * 0.455), 18px);line-height:1.2\">Director Canal Mediadores<\/p>\n<\/div>\n\n\n\n<div class=\"wp-block-column is-layout-flow wp-block-column-is-layout-flow\" style=\"flex-basis:50%\">\n<figure class=\"wp-block-image aligncenter size-full is-resized wp-elements-57023e4da48510cf53d4b6e46064cf00\" style=\"margin-top:0px;margin-bottom:0px;padding-top:0px;padding-bottom:0px;font-size:clamp(14px, 0.875rem + ((1vw - 3.2px) * 0.455), 18px);font-style:normal;font-weight:600\"><img loading=\"lazy\" decoding=\"async\" width=\"215\" height=\"238\" src=\"https:\/\/www.segurosaegon.com\/canalmediadores\/wp-content\/uploads\/sites\/40\/2025\/05\/maria_victoria_onate.avif\" alt=\"\" class=\"wp-image-5729\" style=\"width:200px\"\/><\/figure>\n\n\n\n<p class=\"has-text-align-center has-custom-warm-black-color has-text-color has-forever-forma-body-text-font-family\" style=\"padding-bottom:5px;line-height:1.2\"><strong>Mar\u00eda Victoria O\u00f1ate<\/strong><\/p>\n\n\n\n<p class=\"has-text-align-center has-custom-warm-black-color has-text-color has-link-color has-forever-forma-body-text-font-family wp-elements-fbe94c8b9d0da1513fbef3e2b3643f94\" style=\"margin-top:0px;margin-bottom:0px;padding-top:0px;padding-bottom:0px;font-size:clamp(14px, 0.875rem + ((1vw - 3.2px) * 0.455), 18px);line-height:1.2\">Directora de Colectivos<\/p>\n<\/div>\n<\/div>\n<\/div>\n\n\n\n<div class=\"wp-block-group has-global-padding is-layout-constrained wp-container-core-group-is-layout-12243e0f wp-block-group-is-layout-constrained\">\n<div class=\"wp-block-columns is-layout-flex wp-container-core-columns-is-layout-14cf5ab5 wp-block-columns-is-layout-flex\">\n<div class=\"wp-block-column has-global-padding is-layout-constrained wp-container-core-column-is-layout-12243e0f wp-block-column-is-layout-constrained\" style=\"flex-basis:50%\">\n<figure class=\"wp-block-image aligncenter size-full is-resized wp-elements-95947fe63443c7a2bfadb1fdbcdb6e7b\" style=\"margin-top:0px;margin-bottom:0px;padding-top:0px;padding-bottom:0px;font-size:clamp(14px, 0.875rem + ((1vw - 3.2px) * 0.455), 18px);font-style:normal;font-weight:600\"><img loading=\"lazy\" decoding=\"async\" width=\"215\" height=\"248\" src=\"https:\/\/web-dev-landings.rtxtaegn.com\/canalmediadoresnew\/wp-content\/uploads\/sites\/70\/2024\/07\/fernandoDiazBustamante.png\" alt=\"\" class=\"wp-image-5577\" style=\"width:200px\"\/><\/figure>\n\n\n\n<p class=\"has-text-align-center has-custom-warm-black-color has-text-color has-forever-forma-body-text-font-family\" style=\"padding-bottom:5px;line-height:1.2\"><strong>Fernando D\u00edaz de Bustamante<\/strong><\/p>\n\n\n\n<p class=\"has-text-align-center has-custom-warm-black-color has-text-color has-link-color has-forever-forma-body-text-font-family wp-elements-a8e0c7a5e61fe4526548715e618ee2cb\" style=\"margin-top:0px;margin-bottom:0px;padding-top:0px;padding-bottom:0px;font-size:clamp(14px, 0.875rem + ((1vw - 3.2px) * 0.455), 18px);line-height:1.2\">Director Territorial.<br>Madrid | Castilla La Mancha | Castilla y Le\u00f3n | Galicia<\/p>\n\n\n\n<p class=\"has-text-align-center has-custom-warm-black-color has-text-color has-link-color has-forever-forma-body-text-font-family wp-elements-ffa1b5d272b2db0a60b23371fde1417b\" style=\"margin-top:5px;margin-bottom:5px;padding-top:0px;padding-bottom:0px;font-size:clamp(14px, 0.875rem + ((1vw - 3.2px) * 0.455), 18px);line-height:1.2\"><a href=\"mailto:diazbustamante.fernando@aegon.es\"><em>diazbustamante.fernando@aegon.es<\/em><\/a><\/p>\n<\/div>\n\n\n\n<div class=\"wp-block-column is-layout-flow wp-block-column-is-layout-flow\" style=\"flex-basis:50%\">\n<figure class=\"wp-block-image aligncenter size-full is-resized wp-elements-12c8cfc1db0434aea27f5a54c6ee5082\" style=\"margin-top:0px;margin-bottom:0px;padding-top:0px;padding-bottom:0px;font-size:clamp(14px, 0.875rem + ((1vw - 3.2px) * 0.455), 18px);font-style:normal;font-weight:600\"><img loading=\"lazy\" decoding=\"async\" width=\"215\" height=\"248\" src=\"https:\/\/www.segurosaegon.com\/canalmediadores\/wp-content\/uploads\/sites\/40\/2025\/10\/elenaZabalo_v2.avif\" alt=\"\" class=\"wp-image-5976\" style=\"width:200px\"\/><\/figure>\n\n\n\n<p class=\"has-text-align-center has-custom-warm-black-color has-text-color has-forever-forma-body-text-font-family\" style=\"padding-bottom:5px;line-height:1.2\"><strong>Elena Zabalo<\/strong><\/p>\n\n\n\n<p class=\"has-text-align-center has-custom-warm-black-color has-text-color has-link-color has-forever-forma-body-text-font-family wp-elements-d0b6b2592a2223f4a690ffa98a1e45f2\" style=\"margin-top:0px;margin-bottom:0px;padding-top:0px;padding-bottom:0px;font-size:clamp(14px, 0.875rem + ((1vw - 3.2px) * 0.455), 18px);line-height:1.2\">Responsable territorial de negocio Colectivo.<br>Madrid | Castilla La Mancha | Castilla y Le\u00f3n | Galicia<\/p>\n\n\n\n<p class=\"has-text-align-center has-custom-warm-black-color has-text-color has-link-color has-forever-forma-body-text-font-family wp-elements-32c75a5e1b76041ae9a8d297e54499f6\" style=\"margin-top:5px;margin-bottom:5px;padding-top:0px;padding-bottom:0px;font-size:clamp(14px, 0.875rem + ((1vw - 3.2px) * 0.455), 18px);line-height:1.2\"><a href=\"mailto:MariaElena.Zabalo@aegon.es\"><em>MariaElena.Zabalo@aegon.es<\/em><\/a><\/p>\n<\/div>\n<\/div>\n<\/div>\n\n\n\n<div style=\"height:20px\" aria-hidden=\"true\" class=\"wp-block-spacer\"><\/div>\n\n\n\n<div class=\"wp-block-group has-global-padding is-layout-constrained wp-container-core-group-is-layout-12243e0f wp-block-group-is-layout-constrained\">\n<div class=\"wp-block-columns is-layout-flex wp-container-core-columns-is-layout-14cf5ab5 wp-block-columns-is-layout-flex\">\n<div class=\"wp-block-column has-global-padding is-layout-constrained wp-container-core-column-is-layout-12243e0f wp-block-column-is-layout-constrained\" style=\"flex-basis:50%\">\n<figure class=\"wp-block-image aligncenter size-full is-resized wp-elements-f4b0f989075dfe69e0b3eb49fb5d2f4f\" style=\"margin-top:0px;margin-bottom:0px;padding-top:0px;padding-bottom:0px;font-size:clamp(14px, 0.875rem + ((1vw - 3.2px) * 0.455), 18px);font-style:normal;font-weight:600\"><img loading=\"lazy\" decoding=\"async\" width=\"215\" height=\"237\" src=\"https:\/\/web-dev-landings.rtxtaegn.com\/canalmediadoresnew\/wp-content\/uploads\/sites\/70\/2024\/07\/joaquinAlvarez.png\" alt=\"\" class=\"wp-image-5582\" style=\"width:200px\"\/><\/figure>\n\n\n\n<p class=\"has-text-align-center has-custom-warm-black-color has-text-color has-forever-forma-body-text-font-family\" style=\"padding-bottom:5px;line-height:1.2\"><strong>Joaqu\u00edn \u00c1lvarez<\/strong><\/p>\n\n\n\n<p class=\"has-text-align-center has-custom-warm-black-color has-text-color has-link-color has-forever-forma-body-text-font-family wp-elements-f5e7893becc7f38d8822f5ddcb62a1ec\" style=\"margin-top:0px;margin-bottom:0px;padding-top:0px;padding-bottom:0px;font-size:clamp(14px, 0.875rem + ((1vw - 3.2px) * 0.455), 18px);line-height:1.2\">Director Territorial.<br>Asturias | Cantabria | Pa\u00eds Vasco | Navarra | La Rioja | Extremadura | Andaluc\u00eda | Islas Canarias<\/p>\n\n\n\n<p class=\"has-text-align-center has-custom-warm-black-color has-text-color has-link-color has-forever-forma-body-text-font-family wp-elements-56c36ac1d06e8b52d7c4e3ff74f23b3d\" style=\"margin-top:5px;margin-bottom:5px;padding-top:0px;padding-bottom:0px;font-size:clamp(14px, 0.875rem + ((1vw - 3.2px) * 0.455), 18px);line-height:1.2\"><a href=\"mailto:alvarez.joaquin@aegon.es\"><em>alvarez.joaquin@aegon.es<\/em><\/a><\/p>\n<\/div>\n\n\n\n<div class=\"wp-block-column is-layout-flow wp-block-column-is-layout-flow\" style=\"flex-basis:50%\">\n<figure class=\"wp-block-image aligncenter size-full is-resized wp-elements-4b983e388be3957e0802b92d37de464b\" style=\"margin-top:0px;margin-bottom:0px;padding-top:0px;padding-bottom:0px;font-size:clamp(14px, 0.875rem + ((1vw - 3.2px) * 0.455), 18px);font-style:normal;font-weight:600\"><img loading=\"lazy\" decoding=\"async\" width=\"215\" height=\"248\" src=\"https:\/\/www.segurosaegon.com\/canalmediadores\/wp-content\/uploads\/sites\/40\/2025\/05\/ignacio_ordonez.avif\" alt=\"\" class=\"wp-image-5735\" style=\"width:200px\"\/><\/figure>\n\n\n\n<p class=\"has-text-align-center has-custom-warm-black-color has-text-color has-forever-forma-body-text-font-family\" style=\"padding-bottom:5px;line-height:1.2\"><strong><strong>Ignacio Ord\u00f3\u00f1ez<\/strong><\/strong><\/p>\n\n\n\n<p class=\"has-text-align-center has-custom-warm-black-color has-text-color has-link-color has-forever-forma-body-text-font-family wp-elements-d76eb9a89ba5dde5baaf18769c8f7d7f\" style=\"margin-top:0px;margin-bottom:0px;padding-top:0px;padding-bottom:0px;font-size:clamp(14px, 0.875rem + ((1vw - 3.2px) * 0.455), 18px);line-height:1.2\">Responsable territorial de negocio Colectivo.<br>Asturias | Cantabria | Pa\u00eds Vasco | Navarra | La Rioja | Extremadura | Andaluc\u00eda | Islas Canarias<\/p>\n\n\n\n<p class=\"has-text-align-center has-custom-warm-black-color has-text-color has-link-color has-forever-forma-body-text-font-family wp-elements-eec394bec13228253f313b7e34f770ce\" style=\"margin-top:5px;margin-bottom:5px;padding-top:0px;padding-bottom:0px;font-size:clamp(14px, 0.875rem + ((1vw - 3.2px) * 0.455), 18px);line-height:1.2\"><a href=\"mailto:IgnacioMaria.Ordonez@aegon.es\"><em>IgnacioMaria.Ordonez@aegon.es<\/em><\/a><\/p>\n<\/div>\n<\/div>\n<\/div>\n\n\n\n<div style=\"height:20px\" aria-hidden=\"true\" class=\"wp-block-spacer\"><\/div>\n\n\n\n<div class=\"wp-block-group has-global-padding is-layout-constrained wp-container-core-group-is-layout-12243e0f wp-block-group-is-layout-constrained\">\n<div class=\"wp-block-columns is-layout-flex wp-container-core-columns-is-layout-d74743eb wp-block-columns-is-layout-flex\" style=\"padding-right:0;padding-left:0\">\n<div class=\"wp-block-column has-global-padding is-layout-constrained wp-container-core-column-is-layout-12243e0f wp-block-column-is-layout-constrained\" style=\"flex-basis:50%\">\n<figure class=\"wp-block-image aligncenter size-full is-resized wp-elements-86a20912649ecc319a1e00753fa787e0\" style=\"margin-top:0px;margin-bottom:0px;padding-top:0px;padding-bottom:0px;font-size:clamp(14px, 0.875rem + ((1vw - 3.2px) * 0.455), 18px);font-style:normal;font-weight:600\"><img loading=\"lazy\" decoding=\"async\" width=\"215\" height=\"220\" src=\"https:\/\/web-dev-landings.rtxtaegn.com\/canalmediadoresnew\/wp-content\/uploads\/sites\/70\/2024\/07\/gabrielFransitorra.png\" alt=\"\" class=\"wp-image-5585\" style=\"width:200px\"\/><\/figure>\n\n\n\n<p class=\"has-text-align-center has-custom-warm-black-color has-text-color has-forever-forma-body-text-font-family\" style=\"padding-bottom:5px;line-height:1.2\"><strong>Gabriel Fransitorra<\/strong><\/p>\n\n\n\n<p class=\"has-text-align-center has-custom-warm-black-color has-text-color has-link-color has-forever-forma-body-text-font-family wp-elements-9c785dae7b94621e187ab77a236d0138\" style=\"margin-top:0px;margin-bottom:0px;padding-top:0px;padding-bottom:0px;font-size:clamp(14px, 0.875rem + ((1vw - 3.2px) * 0.455), 18px);line-height:1.2\">Director Territorial.<br>Arag\u00f3n | Catalu\u00f1a | Comunidad Valenciana | Murcia | Islas Baleares<\/p>\n\n\n\n<p class=\"has-text-align-center has-custom-warm-black-color has-text-color has-link-color has-forever-forma-body-text-font-family wp-elements-169a282170cbcd4a58f524776bcccb87\" style=\"margin-top:5px;margin-bottom:5px;padding-top:0px;padding-bottom:0px;font-size:clamp(14px, 0.875rem + ((1vw - 3.2px) * 0.455), 18px);line-height:1.2\"><a href=\"mailto:fransitorra.gabriel@aegon.es\"><em><\/em><\/a><em><a href=\"mailto:fransitorra.gabriel@aegon.es\"><\/a><a href=\"mailto:alvarez.joaquin@aegon.es\"><em>fransitorra.gabriel@aegon.es<\/em><\/a><\/em><\/p>\n<\/div>\n\n\n\n<div class=\"wp-block-column is-layout-flow wp-block-column-is-layout-flow\" style=\"flex-basis:50%\">\n<figure class=\"wp-block-image aligncenter size-full is-resized wp-elements-d392fc836419c4023ab3a659f7c134cb\" style=\"margin-top:0px;margin-bottom:0px;padding-top:0px;padding-bottom:0px;font-size:clamp(14px, 0.875rem + ((1vw - 3.2px) * 0.455), 18px);font-style:normal;font-weight:600\"><img loading=\"lazy\" decoding=\"async\" width=\"215\" height=\"248\" src=\"https:\/\/www.segurosaegon.com\/canalmediadores\/wp-content\/uploads\/sites\/40\/2025\/05\/laura_del_Portillo.avif\" alt=\"\" class=\"wp-image-5736\" style=\"width:200px\"\/><\/figure>\n\n\n\n<p class=\"has-text-align-center has-custom-warm-black-color has-text-color has-forever-forma-body-text-font-family\" style=\"padding-bottom:5px;line-height:1.2\"><strong><strong><strong>Laura del Portillo<\/strong><\/strong><\/strong><\/p>\n\n\n\n<p class=\"has-text-align-center has-custom-warm-black-color has-text-color has-link-color has-forever-forma-body-text-font-family wp-elements-fe55b1b47dfe29e7972191d450ed76cc\" style=\"margin-top:0px;margin-bottom:0px;padding-top:0px;padding-bottom:0px;font-size:clamp(14px, 0.875rem + ((1vw - 3.2px) * 0.455), 18px);line-height:1.2\">Responsable territorial de negocio Colectivo.<br>Arag\u00f3n | Catalu\u00f1a | Comunidad Valenciana | Murcia | Islas Baleares<\/p>\n\n\n\n<p class=\"has-text-align-center has-custom-warm-black-color has-text-color has-link-color has-forever-forma-body-text-font-family wp-elements-b4440b18a87888f9e317a1a30ce12223\" style=\"margin-top:5px;margin-bottom:5px;padding-top:0px;padding-bottom:0px;font-size:clamp(14px, 0.875rem + ((1vw - 3.2px) * 0.455), 18px);line-height:1.2\"><a href=\"mailto:delportillo.laura@aegon.es\"><em>delportillo.laura@aegon.es<\/em><\/a><\/p>\n<\/div>\n<\/div>\n<\/div>\n","protected":false},"excerpt":{"rendered":"<p>Un gran equipo de profesionales con una dilatada experiencia en el sector asegurador y en el canal de la mediaci\u00f3n Te ayudamos a elaborar tu plan de negocio, dise\u00f1ar un plan de acci\u00f3n, y te podemos acompa\u00f1arte y formarte para su puesta en funcionamiento. De la mano de nuestros directores de zona y sus equipos, [&hellip;]<\/p>\n","protected":false},"author":0,"featured_media":5739,"parent":0,"menu_order":0,"comment_status":"closed","ping_status":"closed","template":"wp-custom-template-nueva-imagen-nuestros-expertos","meta":{"footnotes":""},"class_list":["post-5727","page","type-page","status-publish","has-post-thumbnail","hentry"],"yoast_head":"<!-- This site is optimized with the Yoast SEO plugin v27.4 - https:\/\/yoast.com\/product\/yoast-seo-wordpress\/ -->\n<title>Nuestros expertos - Canal Mediadores - Aegon Seguros de Vida y Salud<\/title>\n<meta name=\"robots\" content=\"index, follow, max-snippet:-1, max-image-preview:large, max-video-preview:-1\" \/>\n<link rel=\"canonical\" href=\"https:\/\/www.segurosaegon.com\/canalmediadores\/nuestros-expertos\/\" \/>\n<meta property=\"og:locale\" content=\"es_ES\" \/>\n<meta property=\"og:type\" content=\"article\" \/>\n<meta property=\"og:title\" content=\"Nuestros expertos - Canal Mediadores - Aegon Seguros de Vida y Salud\" \/>\n<meta property=\"og:description\" content=\"Un gran equipo de profesionales con una dilatada experiencia en el sector asegurador y en el canal de la mediaci\u00f3n Te ayudamos a elaborar tu plan de negocio, dise\u00f1ar un plan de acci\u00f3n, y te podemos acompa\u00f1arte y formarte para su puesta en funcionamiento. De la mano de nuestros directores de zona y sus equipos, [&hellip;]\" \/>\n<meta property=\"og:url\" content=\"https:\/\/www.segurosaegon.com\/canalmediadores\/nuestros-expertos\/\" \/>\n<meta property=\"og:site_name\" content=\"Canal Mediadores - Aegon Seguros de Vida y Salud\" \/>\n<meta property=\"article:modified_time\" content=\"2025-10-15T15:46:02+00:00\" \/>\n<meta property=\"og:image\" content=\"https:\/\/www.segurosaegon.com\/canalmediadores\/wp-content\/uploads\/sites\/40\/2025\/05\/Foto-Mediacion-1.avif\" \/>\n\t<meta property=\"og:image:width\" content=\"1031\" \/>\n\t<meta property=\"og:image:height\" content=\"686\" \/>\n\t<meta property=\"og:image:type\" content=\"image\/png\" \/>\n<meta name=\"twitter:card\" content=\"summary_large_image\" \/>\n<meta name=\"twitter:label1\" content=\"Tiempo de lectura\" \/>\n\t<meta name=\"twitter:data1\" content=\"3 minutos\" \/>\n<script type=\"application\/ld+json\" class=\"yoast-schema-graph\">{\"@context\":\"https:\\\/\\\/schema.org\",\"@graph\":[{\"@type\":\"WebPage\",\"@id\":\"https:\\\/\\\/www.segurosaegon.com\\\/canalmediadores\\\/nuestros-expertos\\\/\",\"url\":\"https:\\\/\\\/www.segurosaegon.com\\\/canalmediadores\\\/nuestros-expertos\\\/\",\"name\":\"Nuestros expertos - Canal Mediadores - Aegon Seguros de Vida y Salud\",\"isPartOf\":{\"@id\":\"https:\\\/\\\/www.segurosaegon.com\\\/canalmediadores\\\/#website\"},\"primaryImageOfPage\":{\"@id\":\"https:\\\/\\\/www.segurosaegon.com\\\/canalmediadores\\\/nuestros-expertos\\\/#primaryimage\"},\"image\":{\"@id\":\"https:\\\/\\\/www.segurosaegon.com\\\/canalmediadores\\\/nuestros-expertos\\\/#primaryimage\"},\"thumbnailUrl\":\"https:\\\/\\\/www.segurosaegon.com\\\/canalmediadores\\\/wp-content\\\/uploads\\\/sites\\\/40\\\/2025\\\/05\\\/Foto-Mediacion-1.avif\",\"datePublished\":\"2025-05-05T10:00:11+00:00\",\"dateModified\":\"2025-10-15T15:46:02+00:00\",\"breadcrumb\":{\"@id\":\"https:\\\/\\\/www.segurosaegon.com\\\/canalmediadores\\\/nuestros-expertos\\\/#breadcrumb\"},\"inLanguage\":\"es\",\"potentialAction\":[{\"@type\":\"ReadAction\",\"target\":[\"https:\\\/\\\/www.segurosaegon.com\\\/canalmediadores\\\/nuestros-expertos\\\/\"]}]},{\"@type\":\"ImageObject\",\"inLanguage\":\"es\",\"@id\":\"https:\\\/\\\/www.segurosaegon.com\\\/canalmediadores\\\/nuestros-expertos\\\/#primaryimage\",\"url\":\"https:\\\/\\\/www.segurosaegon.com\\\/canalmediadores\\\/wp-content\\\/uploads\\\/sites\\\/40\\\/2025\\\/05\\\/Foto-Mediacion-1.avif\",\"contentUrl\":\"https:\\\/\\\/www.segurosaegon.com\\\/canalmediadores\\\/wp-content\\\/uploads\\\/sites\\\/40\\\/2025\\\/05\\\/Foto-Mediacion-1.avif\",\"width\":1031,\"height\":686},{\"@type\":\"BreadcrumbList\",\"@id\":\"https:\\\/\\\/www.segurosaegon.com\\\/canalmediadores\\\/nuestros-expertos\\\/#breadcrumb\",\"itemListElement\":[{\"@type\":\"ListItem\",\"position\":1,\"name\":\"Portada\",\"item\":\"https:\\\/\\\/www.segurosaegon.com\\\/canalmediadores\\\/\"},{\"@type\":\"ListItem\",\"position\":2,\"name\":\"Nuestros expertos\"}]},{\"@type\":\"WebSite\",\"@id\":\"https:\\\/\\\/www.segurosaegon.com\\\/canalmediadores\\\/#website\",\"url\":\"https:\\\/\\\/www.segurosaegon.com\\\/canalmediadores\\\/\",\"name\":\"Canal Mediadores - Aegon Seguros de Vida y Salud\",\"description\":\"\",\"publisher\":{\"@id\":\"https:\\\/\\\/www.segurosaegon.com\\\/canalmediadores\\\/#organization\"},\"potentialAction\":[{\"@type\":\"SearchAction\",\"target\":{\"@type\":\"EntryPoint\",\"urlTemplate\":\"https:\\\/\\\/www.segurosaegon.com\\\/canalmediadores\\\/?s={search_term_string}\"},\"query-input\":{\"@type\":\"PropertyValueSpecification\",\"valueRequired\":true,\"valueName\":\"search_term_string\"}}],\"inLanguage\":\"es\"},{\"@type\":\"Organization\",\"@id\":\"https:\\\/\\\/www.segurosaegon.com\\\/canalmediadores\\\/#organization\",\"name\":\"Canal Mediadores - Aegon Seguros de Vida y Salud\",\"url\":\"https:\\\/\\\/www.segurosaegon.com\\\/canalmediadores\\\/\",\"logo\":{\"@type\":\"ImageObject\",\"inLanguage\":\"es\",\"@id\":\"https:\\\/\\\/www.segurosaegon.com\\\/canalmediadores\\\/#\\\/schema\\\/logo\\\/image\\\/\",\"url\":\"https:\\\/\\\/www.segurosaegon.com\\\/canalmediadores\\\/wp-content\\\/uploads\\\/sites\\\/40\\\/2024\\\/06\\\/Aegon_Logo_2024_PEQv2.png\",\"contentUrl\":\"https:\\\/\\\/www.segurosaegon.com\\\/canalmediadores\\\/wp-content\\\/uploads\\\/sites\\\/40\\\/2024\\\/06\\\/Aegon_Logo_2024_PEQv2.png\",\"width\":147,\"height\":39,\"caption\":\"Canal Mediadores - Aegon Seguros de Vida y Salud\"},\"image\":{\"@id\":\"https:\\\/\\\/www.segurosaegon.com\\\/canalmediadores\\\/#\\\/schema\\\/logo\\\/image\\\/\"}}]}<\/script>\n<!-- \/ Yoast SEO plugin. -->","yoast_head_json":{"title":"Nuestros expertos - Canal Mediadores - Aegon Seguros de Vida y Salud","robots":{"index":"index","follow":"follow","max-snippet":"max-snippet:-1","max-image-preview":"max-image-preview:large","max-video-preview":"max-video-preview:-1"},"canonical":"https:\/\/www.segurosaegon.com\/canalmediadores\/nuestros-expertos\/","og_locale":"es_ES","og_type":"article","og_title":"Nuestros expertos - Canal Mediadores - Aegon Seguros de Vida y Salud","og_description":"Un gran equipo de profesionales con una dilatada experiencia en el sector asegurador y en el canal de la mediaci\u00f3n Te ayudamos a elaborar tu plan de negocio, dise\u00f1ar un plan de acci\u00f3n, y te podemos acompa\u00f1arte y formarte para su puesta en funcionamiento. De la mano de nuestros directores de zona y sus equipos, [&hellip;]","og_url":"https:\/\/www.segurosaegon.com\/canalmediadores\/nuestros-expertos\/","og_site_name":"Canal Mediadores - Aegon Seguros de Vida y Salud","article_modified_time":"2025-10-15T15:46:02+00:00","og_image":[{"width":1031,"height":686,"url":"https:\/\/www.segurosaegon.com\/canalmediadores\/wp-content\/uploads\/sites\/40\/2025\/05\/Foto-Mediacion-1.avif","type":"image\/png"}],"twitter_card":"summary_large_image","twitter_misc":{"Tiempo de lectura":"3 minutos"},"schema":{"@context":"https:\/\/schema.org","@graph":[{"@type":"WebPage","@id":"https:\/\/www.segurosaegon.com\/canalmediadores\/nuestros-expertos\/","url":"https:\/\/www.segurosaegon.com\/canalmediadores\/nuestros-expertos\/","name":"Nuestros expertos - Canal Mediadores - Aegon Seguros de Vida y Salud","isPartOf":{"@id":"https:\/\/www.segurosaegon.com\/canalmediadores\/#website"},"primaryImageOfPage":{"@id":"https:\/\/www.segurosaegon.com\/canalmediadores\/nuestros-expertos\/#primaryimage"},"image":{"@id":"https:\/\/www.segurosaegon.com\/canalmediadores\/nuestros-expertos\/#primaryimage"},"thumbnailUrl":"https:\/\/www.segurosaegon.com\/canalmediadores\/wp-content\/uploads\/sites\/40\/2025\/05\/Foto-Mediacion-1.avif","datePublished":"2025-05-05T10:00:11+00:00","dateModified":"2025-10-15T15:46:02+00:00","breadcrumb":{"@id":"https:\/\/www.segurosaegon.com\/canalmediadores\/nuestros-expertos\/#breadcrumb"},"inLanguage":"es","potentialAction":[{"@type":"ReadAction","target":["https:\/\/www.segurosaegon.com\/canalmediadores\/nuestros-expertos\/"]}]},{"@type":"ImageObject","inLanguage":"es","@id":"https:\/\/www.segurosaegon.com\/canalmediadores\/nuestros-expertos\/#primaryimage","url":"https:\/\/www.segurosaegon.com\/canalmediadores\/wp-content\/uploads\/sites\/40\/2025\/05\/Foto-Mediacion-1.avif","contentUrl":"https:\/\/www.segurosaegon.com\/canalmediadores\/wp-content\/uploads\/sites\/40\/2025\/05\/Foto-Mediacion-1.avif","width":1031,"height":686},{"@type":"BreadcrumbList","@id":"https:\/\/www.segurosaegon.com\/canalmediadores\/nuestros-expertos\/#breadcrumb","itemListElement":[{"@type":"ListItem","position":1,"name":"Portada","item":"https:\/\/www.segurosaegon.com\/canalmediadores\/"},{"@type":"ListItem","position":2,"name":"Nuestros expertos"}]},{"@type":"WebSite","@id":"https:\/\/www.segurosaegon.com\/canalmediadores\/#website","url":"https:\/\/www.segurosaegon.com\/canalmediadores\/","name":"Canal Mediadores - Aegon Seguros de Vida y Salud","description":"","publisher":{"@id":"https:\/\/www.segurosaegon.com\/canalmediadores\/#organization"},"potentialAction":[{"@type":"SearchAction","target":{"@type":"EntryPoint","urlTemplate":"https:\/\/www.segurosaegon.com\/canalmediadores\/?s={search_term_string}"},"query-input":{"@type":"PropertyValueSpecification","valueRequired":true,"valueName":"search_term_string"}}],"inLanguage":"es"},{"@type":"Organization","@id":"https:\/\/www.segurosaegon.com\/canalmediadores\/#organization","name":"Canal Mediadores - Aegon Seguros de Vida y Salud","url":"https:\/\/www.segurosaegon.com\/canalmediadores\/","logo":{"@type":"ImageObject","inLanguage":"es","@id":"https:\/\/www.segurosaegon.com\/canalmediadores\/#\/schema\/logo\/image\/","url":"https:\/\/www.segurosaegon.com\/canalmediadores\/wp-content\/uploads\/sites\/40\/2024\/06\/Aegon_Logo_2024_PEQv2.png","contentUrl":"https:\/\/www.segurosaegon.com\/canalmediadores\/wp-content\/uploads\/sites\/40\/2024\/06\/Aegon_Logo_2024_PEQv2.png","width":147,"height":39,"caption":"Canal Mediadores - Aegon Seguros de Vida y Salud"},"image":{"@id":"https:\/\/www.segurosaegon.com\/canalmediadores\/#\/schema\/logo\/image\/"}}]}},"_links":{"self":[{"href":"https:\/\/www.segurosaegon.com\/canalmediadores\/wp-json\/wp\/v2\/pages\/5727","targetHints":{"allow":["GET"]}}],"collection":[{"href":"https:\/\/www.segurosaegon.com\/canalmediadores\/wp-json\/wp\/v2\/pages"}],"about":[{"href":"https:\/\/www.segurosaegon.com\/canalmediadores\/wp-json\/wp\/v2\/types\/page"}],"replies":[{"embeddable":true,"href":"https:\/\/www.segurosaegon.com\/canalmediadores\/wp-json\/wp\/v2\/comments?post=5727"}],"version-history":[{"count":5,"href":"https:\/\/www.segurosaegon.com\/canalmediadores\/wp-json\/wp\/v2\/pages\/5727\/revisions"}],"predecessor-version":[{"id":5984,"href":"https:\/\/www.segurosaegon.com\/canalmediadores\/wp-json\/wp\/v2\/pages\/5727\/revisions\/5984"}],"wp:featuredmedia":[{"embeddable":true,"href":"https:\/\/www.segurosaegon.com\/canalmediadores\/wp-json\/wp\/v2\/media\/5739"}],"wp:attachment":[{"href":"https:\/\/www.segurosaegon.com\/canalmediadores\/wp-json\/wp\/v2\/media?parent=5727"}],"curies":[{"name":"wp","href":"https:\/\/api.w.org\/{rel}","templated":true}]}}